{"id":390,"date":"2023-02-23T10:49:55","date_gmt":"2023-02-23T07:49:55","guid":{"rendered":"https:\/\/dehaus.lv\/lv\/?page_id=390"},"modified":"2023-03-01T18:26:11","modified_gmt":"2023-03-01T15:26:11","slug":"30-meise","status":"publish","type":"page","link":"https:\/\/dehaus.lv\/lv\/ra-ot-ji\/30-meise\/","title":{"rendered":"Komp\u0101nija Mobenia"},"content":{"rendered":"[vc_row el_id=&#8221;block_sidebar&#8221;][vc_column width=&#8221;1\/3&#8243; el_class=&#8221;bd-blockheader&#8221;]<h4 class=\"vcex-heading vcex-module wpex-text-2xl wpex-font-normal wpex-m-auto wpex-max-w-100 vcex-heading-plain wpex-block\"><span class=\"vcex-heading-inner wpex-inline-block wpex-clr\">Katalogs<\/span><\/h4><nav class=\"vcex-navbar vcex-module\"><div class=\"vcex-navbar-inner wpex-clr wpex-last-mr-0\"><a href=\"https:\/\/dehaus.lv\/lv\/virtuves-telpa\/\" class=\"vcex-navbar-link vcex-navbar-link--414 wpex-block wpex-float-left wpex-mr-5 wpex-mb-5 theme-button minimal-border\"><span class=\"vcex-navbar-link-text\">VIRTUVES<\/span><\/a><a href=\"https:\/\/dehaus.lv\/lv\/edamsitaba\/\" class=\"vcex-navbar-link vcex-navbar-link--662 wpex-block wpex-float-left wpex-mr-5 wpex-mb-5 theme-button minimal-border\"><span class=\"vcex-navbar-link-text\">GALDI UN KR\u0112SLI<\/span><\/a><a href=\"https:\/\/dehaus.lv\/lv\/viesistaba\/\" class=\"vcex-navbar-link vcex-navbar-link--619 wpex-block wpex-float-left wpex-mr-5 wpex-mb-5 theme-button minimal-border\"><span class=\"vcex-navbar-link-text\">VIESISTABA<\/span><\/a><a href=\"https:\/\/dehaus.lv\/lv\/majas-mebeles\/\" class=\"vcex-navbar-link vcex-navbar-link--1179 wpex-block wpex-float-left wpex-mr-5 wpex-mb-5 theme-button minimal-border\"><span class=\"vcex-navbar-link-text\">M\u0112BELES<\/span><\/a><a href=\"https:\/\/dehaus.lv\/lv\/aksesuari\/\" class=\"vcex-navbar-link vcex-navbar-link--1244 wpex-block wpex-float-left wpex-mr-5 wpex-mb-5 theme-button minimal-border\"><span class=\"vcex-navbar-link-text\">AKSESU\u0100RI<\/span><\/a><\/div><\/nav>[\/vc_column][vc_column width=&#8221;2\/3&#8243;]<h2 class=\"vcex-heading vcex-module wpex-text-2xl wpex-font-normal wpex-m-auto wpex-max-w-100 vcex-heading-plain wpex-block\"><span class=\"vcex-heading-inner wpex-inline-block wpex-clr\">De Haus p\u0101rst\u0101v m\u0113be\u013cu komp\u0101nijas no V\u0101cijas<\/span><\/h2><div class=\"vcex-spacing wpex-w-100 wpex-clear\" style=\"height:10px;\"><\/div>[vc_column_text]1988. gad\u0101 dibin\u0101t\u0101 Mobenia ir izaugusi no 1967. gad\u0101 dibin\u0101ta \u0123imenes uz\u0146\u0113muma unik\u0101laj\u0101 vid\u0113, kur\u0101 nenoliedzami apvienojas trad\u012bcijas, avangards un nesal\u012bdzin\u0101mas nozares jaunumi. Uz\u0146\u0113mums sadarbojas ar paz\u012bstamiem un mazpaz\u012bstamiem dizaineriem no Sp\u0101nijas; Mario Ruiz, Odosdesign, Isaac Pinheiro, Made studio, Martin Consuegra, Yono, Josep Tourell&#8230;un citiem.<\/p>\n<p>R\u016bpn\u012bcas plat\u012bba ir 15 000 m2 ar modern\u0101ko apr\u012bkojumu, ko \u0161obr\u012bd var apr\u012bkot ar m\u0113be\u013cu ra\u017eotni. Datorvad\u0101mas ma\u0161\u012bnas, autom\u0101ti un automatiz\u0113tas iekrau\u0161anas un izkrau\u0161anas sist\u0113mas, kas uzlabo m\u016bsu produktu produktivit\u0101ti un kvalit\u0101ti un atvieglo m\u016bsu operatoru darbu. &#8220;Lieka&#8221; (tie\u0161i laik\u0101) ra\u017eo\u0161anas sist\u0113ma kop\u0101 ar manu\u0101lu pieeju da\u017e\u0101m deta\u013c\u0101m padara m\u016bs unik\u0101lus.<\/p>\n<p><a href=\"https:\/\/mobenia.com\/\">mobenia.com<\/a>[\/vc_column_text][\/vc_column][\/vc_row][vc_row][vc_column]<div class=\"templatera_shortcode\"><style type=\"text\/css\" data-type=\"vc_shortcodes-custom-css\">.vc_custom_1677681489401{padding-top: 80px !important;padding-bottom: 80px !important;}.vc_custom_1676822849361{padding-top: 50px !important;}.vc_custom_1676823490676{padding-top: 50px !important;background-image: url(https:\/\/dehaus.lv\/wp-content\/uploads\/2023\/02\/d08f4579b936eea327111d233f9ef50c_sunrise.jpg?id=82) !important;background-position: center !important;background-repeat: no-repeat !important;background-size: cover !important;}.vc_custom_1678370577640{padding-top: 20px !important;background-color: #2f7f7f !important;}.vc_custom_1677329402201{padding-top: 60px !important;}<\/style>[vc_row full_width=\"stretch_row\" el_id=\"features\" el_class=\"bd-section-13 bd-tagstyles\"][vc_column el_class=\"bd-block-16 bd-own-margins\"]<h4 class=\"vcex-heading vcex-module wpex-text-2xl wpex-font-normal wpex-m-auto wpex-max-w-100 vcex-heading-plain wpex-block wpex-text-center\" style=\"color:#ffffff;font-weight:600;\"><span class=\"vcex-heading-inner wpex-inline-block wpex-clr\">M\u016bsu \u012bpa\u0161\u012bbas<\/span><\/h4><div class=\"vcex-spacing wpex-w-100 wpex-clear\" style=\"height:10px;\"><\/div>[vc_column_text]\r\n<p style=\"text-align: center;\"><span style=\"font-size: 16px; color: #ffffff;\">Virtuves m\u0113be\u013cu liela izv\u0113le \u2013 da\u017e\u0101di stili, bag\u0101ta kr\u0101su palete un daudz apdares risin\u0101jumu ar pievilc\u012bgu cena-kvalit\u0101te attiec\u012bbu.<\/span><\/p>\r\n<p style=\"text-align: center;\"><span style=\"font-size: 16px; color: #ffffff;\">Pla\u0161a izv\u0113le liet\u0101m, kuras cie\u0161i saist\u012btas ar virtuvi: galda virsmas, sienu pane\u013ci, sadz\u012bves tehnika un eiropas modes virtuves aksesu\u0101ri.<\/span><\/p>\r\n<p style=\"text-align: center;\"><span style=\"font-size: 16px; color: #ffffff;\">Augstas kvalit\u0101tes un partneru ra\u017eot\u0101ju sortimenta pras\u012bbas.<\/span><\/p>\r\n[\/vc_column_text][\/vc_column][\/vc_row][vc_row el_id=\"4col-section\"][vc_column][vc_row_inner css=\".vc_custom_1677329402201{padding-top: 60px !important;}\" el_id=\"banneru\"][vc_column_inner width=\"1\/2\"][vc_column_text]<img loading=\"lazy\" decoding=\"async\" class=\"alignnone size-full wp-image-1416\" src=\"https:\/\/dehaus.lv\/wp-content\/uploads\/2023\/03\/6.png\" alt=\"\" width=\"2000\" height=\"1414\" srcset=\"https:\/\/dehaus.lv\/wp-content\/uploads\/2023\/03\/6.png 2000w, https:\/\/dehaus.lv\/wp-content\/uploads\/2023\/03\/6-300x212.png 300w, https:\/\/dehaus.lv\/wp-content\/uploads\/2023\/03\/6-1024x724.png 1024w, https:\/\/dehaus.lv\/wp-content\/uploads\/2023\/03\/6-768x543.png 768w, https:\/\/dehaus.lv\/wp-content\/uploads\/2023\/03\/6-1536x1086.png 1536w\" sizes=\"auto, (max-width: 2000px) 100vw, 2000px\" \/>[\/vc_column_text][\/vc_column_inner][vc_column_inner width=\"1\/2\"][vc_column_text]<img loading=\"lazy\" decoding=\"async\" class=\"alignnone size-full wp-image-1413\" src=\"https:\/\/dehaus.lv\/wp-content\/uploads\/2023\/03\/2.png\" alt=\"\" width=\"2000\" height=\"1414\" srcset=\"https:\/\/dehaus.lv\/wp-content\/uploads\/2023\/03\/2.png 2000w, https:\/\/dehaus.lv\/wp-content\/uploads\/2023\/03\/2-300x212.png 300w, https:\/\/dehaus.lv\/wp-content\/uploads\/2023\/03\/2-1024x724.png 1024w, https:\/\/dehaus.lv\/wp-content\/uploads\/2023\/03\/2-768x543.png 768w, https:\/\/dehaus.lv\/wp-content\/uploads\/2023\/03\/2-1536x1086.png 1536w\" sizes=\"auto, (max-width: 2000px) 100vw, 2000px\" \/>[\/vc_column_text][\/vc_column_inner][\/vc_row_inner][\/vc_column][\/vc_row][vc_row full_width=\"stretch_row\" parallax=\"vcex_parallax\" parallax_image=\"111\" wpex_bg_overlay=\"dotted\" wpex_bg_overlay_color=\"#000000\" css=\".vc_custom_1677681489401{padding-top: 80px !important;padding-bottom: 80px !important;}\" wpex_bg_overlay_opacity=\"0.6\" parallax_speed=\"0.4\" el_id=\"furniture\"][vc_column width=\"2\/3\"][\/vc_column][vc_column width=\"1\/3\"]<h4 class=\"vcex-heading vcex-module wpex-text-2xl wpex-font-normal wpex-m-auto wpex-max-w-100 vcex-heading-plain wpex-block wpex-text-right\" style=\"color:#ffffff;font-weight:700;\"><span class=\"vcex-heading-inner wpex-inline-block wpex-clr\">M\u0112BELES NO V\u0100CIJAS<\/span><\/h4><div class=\"vcex-spacing wpex-w-100 wpex-clear\" style=\"height:30px;\"><\/div><div class=\"vcex-list_item vcex-module wpex-m-0 wpex-max-w-100 wpex-clr wpex-mb-5 textright wpex-text-right\" style=\"color:#ffffff;\"><div class=\"vcex-list-item-inner wpex-inline-flex wpex-flex-no-wrap\"><div class=\"vcex-list-item-icon wpex-mr-10\"><div class=\"vcex-icon-wrap wpex-inline-flex wpex-justify-center wpex-items-center\" style=\"color:#ffffff;\"><span class=\"ticon ticon-check\" aria-hidden=\"true\"><\/span><\/div><\/div><div class=\"vcex-list-item-text vcex-content wpex-flex-grow\">3D dizains virtuves projektam un tul\u012bt\u0113ja t\u0101me \u2013 ra\u017eot\u0101ja cena<\/div><\/div><\/div><div class=\"vcex-spacing wpex-w-100 wpex-clear\" style=\"height:15px;\"><\/div><div class=\"vcex-list_item vcex-module wpex-m-0 wpex-max-w-100 wpex-clr wpex-mb-5 textright wpex-text-right\" style=\"color:#ffffff;\"><div class=\"vcex-list-item-inner wpex-inline-flex wpex-flex-no-wrap\"><div class=\"vcex-list-item-icon wpex-mr-10\"><div class=\"vcex-icon-wrap wpex-inline-flex wpex-justify-center wpex-items-center\" style=\"color:#ffffff;\"><span class=\"ticon ticon-check\" aria-hidden=\"true\"><\/span><\/div><\/div><div class=\"vcex-list-item-text vcex-content wpex-flex-grow\">Profesion\u0101lie dizaineri \u2013 konsultanti zin visas p\u0113d\u0113j\u0101s tendences<\/div><\/div><\/div><div class=\"vcex-spacing wpex-w-100 wpex-clear\" style=\"height:15px;\"><\/div><div class=\"vcex-list_item vcex-module wpex-m-0 wpex-max-w-100 wpex-clr wpex-mb-5 textright wpex-text-right\" style=\"color:#ffffff;\"><div class=\"vcex-list-item-inner wpex-inline-flex wpex-flex-no-wrap\"><div class=\"vcex-list-item-icon wpex-mr-10\"><div class=\"vcex-icon-wrap wpex-inline-flex wpex-justify-center wpex-items-center\" style=\"color:#ffffff;\"><span class=\"ticon ticon-check\" aria-hidden=\"true\"><\/span><\/div><\/div><div class=\"vcex-list-item-text vcex-content wpex-flex-grow\">Izdev\u012bgi speci\u0101lie pied\u0101v\u0101jumi<\/div><\/div><\/div>[\/vc_column][\/vc_row][vc_row css=\".vc_custom_1676822849361{padding-top: 50px !important;}\"][vc_column]<h4 class=\"vcex-heading vcex-module wpex-text-2xl wpex-font-normal wpex-m-auto wpex-max-w-100 vcex-heading-plain wpex-block wpex-text-center\"><span class=\"vcex-heading-inner wpex-inline-block wpex-clr\">M\u016aSU IESP\u0112JAS<\/span><\/h4><div class=\"vcex-spacing wpex-w-100 wpex-clear\" style=\"height:30px;\"><\/div>[vc_column_text]\r\n<p style=\"text-align: center;\">M\u0113s pied\u0101v\u0101jam ieg\u0101d\u0101ties individu\u0101li izstr\u0101d\u0101tu virtuvi tie\u0161i JUMS no V\u0101cijas un citas m\u0113beles da\u017e\u0101d\u0101s cenu kategorij\u0101s.<\/p>\r\n<p style=\"text-align: center;\">M\u0113s rupji izpild\u0101m pieg\u0101des laikus un garant\u0113jam v\u0101cu kvalit\u0101ti.<\/p>\r\n<p style=\"text-align: center;\">\u013baujiet sev augst\u0101k\u0101s klases m\u0113beles, jo J\u016bs to esat peln\u012bjis!<\/p>\r\n[\/vc_column_text]<div class=\"vcex-spacing wpex-w-100 wpex-clear\" style=\"height:30px;\"><\/div>[vc_row_inner][vc_column_inner width=\"1\/2\"][vc_column_text]<img loading=\"lazy\" decoding=\"async\" class=\"alignnone size-full wp-image-759\" src=\"https:\/\/dehaus.lv\/wp-content\/uploads\/2023\/02\/o-nas2-scaled.jpg\" alt=\"\" width=\"2560\" height=\"1706\" srcset=\"https:\/\/dehaus.lv\/wp-content\/uploads\/2023\/02\/o-nas2-scaled.jpg 2560w, https:\/\/dehaus.lv\/wp-content\/uploads\/2023\/02\/o-nas2-300x200.jpg 300w, https:\/\/dehaus.lv\/wp-content\/uploads\/2023\/02\/o-nas2-1024x683.jpg 1024w, https:\/\/dehaus.lv\/wp-content\/uploads\/2023\/02\/o-nas2-768x512.jpg 768w, https:\/\/dehaus.lv\/wp-content\/uploads\/2023\/02\/o-nas2-1536x1024.jpg 1536w, https:\/\/dehaus.lv\/wp-content\/uploads\/2023\/02\/o-nas2-2048x1365.jpg 2048w\" sizes=\"auto, (max-width: 2560px) 100vw, 2560px\" \/>[\/vc_column_text][\/vc_column_inner][vc_column_inner width=\"1\/2\"][vc_column_text]<img loading=\"lazy\" decoding=\"async\" class=\"alignnone size-full wp-image-758\" src=\"https:\/\/dehaus.lv\/wp-content\/uploads\/2023\/02\/o-nas1-scaled.jpg\" alt=\"\" width=\"2560\" height=\"1706\" srcset=\"https:\/\/dehaus.lv\/wp-content\/uploads\/2023\/02\/o-nas1-scaled.jpg 2560w, https:\/\/dehaus.lv\/wp-content\/uploads\/2023\/02\/o-nas1-300x200.jpg 300w, https:\/\/dehaus.lv\/wp-content\/uploads\/2023\/02\/o-nas1-1024x683.jpg 1024w, https:\/\/dehaus.lv\/wp-content\/uploads\/2023\/02\/o-nas1-768x512.jpg 768w, https:\/\/dehaus.lv\/wp-content\/uploads\/2023\/02\/o-nas1-1536x1024.jpg 1536w, https:\/\/dehaus.lv\/wp-content\/uploads\/2023\/02\/o-nas1-2048x1365.jpg 2048w\" sizes=\"auto, (max-width: 2560px) 100vw, 2560px\" \/>[\/vc_column_text][\/vc_column_inner][\/vc_row_inner][\/vc_column][\/vc_row][vc_row full_width=\"stretch_row\" wpex_bg_overlay=\"dark\" css=\".vc_custom_1676823490676{padding-top: 50px !important;background-image: url(https:\/\/dehaus.lv\/wp-content\/uploads\/2023\/02\/d08f4579b936eea327111d233f9ef50c_sunrise.jpg?id=82) !important;background-position: center !important;background-repeat: no-repeat !important;background-size: cover !important;}\" wpex_bg_overlay_color=\"#0a0a0a\" wpex_bg_overlay_opacity=\"0.6\"][vc_column]<h4 class=\"vcex-heading vcex-module wpex-text-2xl wpex-font-normal wpex-m-auto wpex-max-w-100 vcex-heading-plain wpex-block wpex-text-center\" style=\"color:#ffffff;\"><span class=\"vcex-heading-inner wpex-inline-block wpex-clr\">DIENAS CIT\u0100TS<\/span><\/h4><div class=\"vcex-spacing wpex-w-100 wpex-clear\" style=\"height:20px;\"><\/div>[vc_column_text]\r\n<p style=\"text-align: center;\"><span style=\"color: #ffffff;\">Esmu optimists, jo ticu ide\u0101lu sp\u0113jai vairoties un att\u012bst\u012bties.<\/span><\/p>\r\n[\/vc_column_text][\/vc_column][\/vc_row][vc_row full_width=\"stretch_row\" css=\".vc_custom_1678370577640{padding-top: 20px !important;background-color: #2f7f7f !important;}\"][vc_column]<h4 class=\"vcex-heading vcex-module wpex-text-2xl wpex-font-normal wpex-m-auto wpex-max-w-100 vcex-heading-plain wpex-block wpex-text-center\" style=\"color:#ffffff;\"><span class=\"vcex-heading-inner wpex-inline-block wpex-clr\">K\u0101p\u0113c De HAUS?<\/span><\/h4><div class=\"vcex-spacing wpex-w-100 wpex-clear\" style=\"height:20px;\"><\/div>[vc_column_text]\r\n<p style=\"text-align: center;\"><span style=\"color: #ffffff;\">T\u0101p\u0113c, ka m\u0113s rad\u0101m idejas, kuras \u012bstenojam dz\u012bv\u0113! Veidojot projektus, m\u0113s zin\u0101m, ka ielai\u017eot siltumu J\u016bsu telp\u0101, rad\u012bsies sirsn\u012bga, gai\u0161a un m\u0101j\u012bga atmosf\u0113ra!<\/span><\/p>\r\n[\/vc_column_text][\/vc_column][\/vc_row]<\/div>[\/vc_column][\/vc_row]\n","protected":false},"excerpt":{"rendered":"<p>[vc_row el_id=&#8221;block_sidebar&#8221;][vc_column width=&#8221;1\/3&#8243; el_class=&#8221;bd-blockheader&#8221;][\/vc_column][vc_column width=&#8221;2\/3&#8243;][vc_column_text]1988. gad\u0101 dibin\u0101t\u0101 Mobenia ir izaugusi no 1967. gad\u0101 dibin\u0101ta \u0123imenes uz\u0146\u0113muma unik\u0101laj\u0101 vid\u0113, kur\u0101 nenoliedzami apvienojas trad\u012bcijas, avangards un nesal\u012bdzin\u0101mas nozares jaunumi. Uz\u0146\u0113mums sadarbojas ar paz\u012bstamiem un mazpaz\u012bstamiem dizaineriem no Sp\u0101nijas; Mario Ruiz, Odosdesign, Isaac Pinheiro, Made studio, Martin Consuegra, Yono, Josep Tourell&#8230;un citiem. R\u016bpn\u012bcas plat\u012bba ir 15 000 m2&hellip;<\/p>\n","protected":false},"author":1,"featured_media":1363,"parent":350,"menu_order":0,"comment_status":"closed","ping_status":"closed","template":"","meta":{"om_disable_all_campaigns":false,"_mi_skip_tracking":false,"footnotes":""},"class_list":["post-390","page","type-page","status-publish","has-post-thumbnail","hentry","entry","has-media"],"aioseo_notices":[],"yoast_head":"<!-- This site is optimized with the Yoast SEO plugin v20.4 - https:\/\/yoast.com\/wordpress\/plugins\/seo\/ -->\n<title>Komp\u0101nija Mobenia - S\u0101kums - Salons De Haus - m\u0113beles no V\u0101cijas<\/title>\n<meta name=\"robots\" content=\"index, follow, max-snippet:-1, max-image-preview:large, max-video-preview:-1\" \/>\n<link rel=\"canonical\" href=\"https:\/\/dehaus.lv\/lv\/ra-ot-ji\/30-meise\/\" \/>\n<meta property=\"og:locale\" content=\"en_US\" \/>\n<meta property=\"og:type\" content=\"article\" \/>\n<meta property=\"og:title\" content=\"Komp\u0101nija Mobenia\" \/>\n<meta property=\"og:description\" content=\"[vc_row el_id=&#8221;block_sidebar&#8221;][vc_column width=&#8221;1\/3&#8243; el_class=&#8221;bd-blockheader&#8221;][\/vc_column][vc_column width=&#8221;2\/3&#8243;][vc_column_text]1988. gad\u0101 dibin\u0101t\u0101 Mobenia ir izaugusi no 1967. gad\u0101 dibin\u0101ta \u0123imenes uz\u0146\u0113muma unik\u0101laj\u0101 vid\u0113, kur\u0101 nenoliedzami apvienojas trad\u012bcijas, avangards un nesal\u012bdzin\u0101mas nozares jaunumi. Uz\u0146\u0113mums sadarbojas ar paz\u012bstamiem un mazpaz\u012bstamiem dizaineriem no Sp\u0101nijas; Mario Ruiz, Odosdesign, Isaac Pinheiro, Made studio, Martin Consuegra, Yono, Josep Tourell&#8230;un citiem. R\u016bpn\u012bcas plat\u012bba ir 15 000 m2&hellip;\" \/>\n<meta property=\"og:url\" content=\"https:\/\/dehaus.lv\/lv\/ra-ot-ji\/30-meise\/\" \/>\n<meta property=\"og:site_name\" content=\"S\u0101kums - Salons De Haus - m\u0113beles no V\u0101cijas\" \/>\n<meta property=\"article:modified_time\" content=\"2023-03-01T15:26:11+00:00\" \/>\n<meta property=\"og:image\" content=\"https:\/\/dehaus.lv\/wp-content\/uploads\/2023\/03\/mobenia.jpg\" \/>\n\t<meta property=\"og:image:width\" content=\"315\" \/>\n\t<meta property=\"og:image:height\" content=\"110\" \/>\n\t<meta property=\"og:image:type\" content=\"image\/jpeg\" \/>\n<meta name=\"twitter:card\" content=\"summary_large_image\" \/>\n<meta name=\"twitter:label1\" content=\"Est. reading time\" \/>\n\t<meta name=\"twitter:data1\" content=\"1 min\u016bte\" \/>\n<script type=\"application\/ld+json\" class=\"yoast-schema-graph\">{\"@context\":\"https:\/\/schema.org\",\"@graph\":[{\"@type\":\"WebPage\",\"@id\":\"https:\/\/dehaus.lv\/lv\/ra-ot-ji\/30-meise\/\",\"url\":\"https:\/\/dehaus.lv\/lv\/ra-ot-ji\/30-meise\/\",\"name\":\"[:ru]Komp\u0101nija Meise moebel[:lv]Komp\u0101nija Mobenia[:] - S\u0101kums - Salons De Haus - m\u0113beles no V\u0101cijas\",\"isPartOf\":{\"@id\":\"\/#website\"},\"datePublished\":\"2023-02-23T07:49:55+00:00\",\"dateModified\":\"2023-03-01T15:26:11+00:00\",\"breadcrumb\":{\"@id\":\"https:\/\/dehaus.lv\/lv\/ra-ot-ji\/30-meise\/#breadcrumb\"},\"inLanguage\":\"lv\",\"potentialAction\":[{\"@type\":\"ReadAction\",\"target\":[\"https:\/\/dehaus.lv\/lv\/ra-ot-ji\/30-meise\/\"]}]},{\"@type\":\"BreadcrumbList\",\"@id\":\"https:\/\/dehaus.lv\/lv\/ra-ot-ji\/30-meise\/#breadcrumb\",\"itemListElement\":[{\"@type\":\"ListItem\",\"position\":1,\"name\":\"De Haus p\u0101rst\u0101v m\u0113be\u013cu komp\u0101nijas no V\u0101cijas\",\"item\":\"https:\/\/dehaus.lv\/lv\/ra-ot-ji\/\"},{\"@type\":\"ListItem\",\"position\":2,\"name\":\"Komp\u0101nija Mobenia\"}]},{\"@type\":\"WebSite\",\"@id\":\"\/#website\",\"url\":\"\/\",\"name\":\"S\u0101kums - Salons De Haus - m\u0113beles no V\u0101cijas\",\"description\":\"\",\"publisher\":{\"@id\":\"\/#organization\"},\"potentialAction\":[{\"@type\":\"SearchAction\",\"target\":{\"@type\":\"EntryPoint\",\"urlTemplate\":\"\/?s={search_term_string}\"},\"query-input\":\"required name=search_term_string\"}],\"inLanguage\":\"lv\"},{\"@type\":\"Organization\",\"@id\":\"\/#organization\",\"name\":\"S\u0101kums - Salons De Haus - m\u0113beles no V\u0101cijas\",\"url\":\"\/\",\"logo\":{\"@type\":\"ImageObject\",\"inLanguage\":\"lv\",\"@id\":\"\/#\/schema\/logo\/image\/\",\"url\":\"https:\/\/dehaus.lv\/wp-content\/uploads\/2023\/02\/ac49161606f5b37f967a94db7303fd4e_dehauslogo.png\",\"contentUrl\":\"https:\/\/dehaus.lv\/wp-content\/uploads\/2023\/02\/ac49161606f5b37f967a94db7303fd4e_dehauslogo.png\",\"width\":270,\"height\":108,\"caption\":\"S\u0101kums - Salons De Haus - m\u0113beles no V\u0101cijas\"},\"image\":{\"@id\":\"\/#\/schema\/logo\/image\/\"}}]}<\/script>\n<!-- \/ Yoast SEO plugin. -->","yoast_head_json":{"title":"Komp\u0101nija Mobenia - S\u0101kums - Salons De Haus - m\u0113beles no V\u0101cijas","robots":{"index":"index","follow":"follow","max-snippet":"max-snippet:-1","max-image-preview":"max-image-preview:large","max-video-preview":"max-video-preview:-1"},"canonical":"https:\/\/dehaus.lv\/lv\/ra-ot-ji\/30-meise\/","og_locale":"en_US","og_type":"article","og_title":"[:ru]Komp\u0101nija Meise moebel[:lv]Komp\u0101nija Mobenia[:] - S\u0101kums - Salons De Haus - m\u0113beles no V\u0101cijas","og_description":"[vc_row el_id=&#8221;block_sidebar&#8221;][vc_column width=&#8221;1\/3&#8243; el_class=&#8221;bd-blockheader&#8221;][\/vc_column][vc_column width=&#8221;2\/3&#8243;][vc_column_text]1988. gad\u0101 dibin\u0101t\u0101 Mobenia ir izaugusi no 1967. gad\u0101 dibin\u0101ta \u0123imenes uz\u0146\u0113muma unik\u0101laj\u0101 vid\u0113, kur\u0101 nenoliedzami apvienojas trad\u012bcijas, avangards un nesal\u012bdzin\u0101mas nozares jaunumi. Uz\u0146\u0113mums sadarbojas ar paz\u012bstamiem un mazpaz\u012bstamiem dizaineriem no Sp\u0101nijas; Mario Ruiz, Odosdesign, Isaac Pinheiro, Made studio, Martin Consuegra, Yono, Josep Tourell&#8230;un citiem. R\u016bpn\u012bcas plat\u012bba ir 15 000 m2&hellip;","og_url":"https:\/\/dehaus.lv\/lv\/ra-ot-ji\/30-meise\/","og_site_name":"S\u0101kums - Salons De Haus - m\u0113beles no V\u0101cijas","article_modified_time":"2023-03-01T15:26:11+00:00","og_image":[{"width":315,"height":110,"url":"https:\/\/dehaus.lv\/wp-content\/uploads\/2023\/03\/mobenia.jpg","type":"image\/jpeg"}],"twitter_card":"summary_large_image","twitter_misc":{"Est. reading time":"1 min\u016bte"},"schema":{"@context":"https:\/\/schema.org","@graph":[{"@type":"WebPage","@id":"https:\/\/dehaus.lv\/lv\/ra-ot-ji\/30-meise\/","url":"https:\/\/dehaus.lv\/lv\/ra-ot-ji\/30-meise\/","name":"[:ru]Komp\u0101nija Meise moebel[:lv]Komp\u0101nija Mobenia[:] - S\u0101kums - Salons De Haus - m\u0113beles no V\u0101cijas","isPartOf":{"@id":"\/#website"},"datePublished":"2023-02-23T07:49:55+00:00","dateModified":"2023-03-01T15:26:11+00:00","breadcrumb":{"@id":"https:\/\/dehaus.lv\/lv\/ra-ot-ji\/30-meise\/#breadcrumb"},"inLanguage":"lv","potentialAction":[{"@type":"ReadAction","target":["https:\/\/dehaus.lv\/lv\/ra-ot-ji\/30-meise\/"]}]},{"@type":"BreadcrumbList","@id":"https:\/\/dehaus.lv\/lv\/ra-ot-ji\/30-meise\/#breadcrumb","itemListElement":[{"@type":"ListItem","position":1,"name":"De Haus p\u0101rst\u0101v m\u0113be\u013cu komp\u0101nijas no V\u0101cijas","item":"https:\/\/dehaus.lv\/lv\/ra-ot-ji\/"},{"@type":"ListItem","position":2,"name":"Komp\u0101nija Mobenia"}]},{"@type":"WebSite","@id":"\/#website","url":"\/","name":"S\u0101kums - Salons De Haus - m\u0113beles no V\u0101cijas","description":"","publisher":{"@id":"\/#organization"},"potentialAction":[{"@type":"SearchAction","target":{"@type":"EntryPoint","urlTemplate":"\/?s={search_term_string}"},"query-input":"required name=search_term_string"}],"inLanguage":"lv"},{"@type":"Organization","@id":"\/#organization","name":"S\u0101kums - Salons De Haus - m\u0113beles no V\u0101cijas","url":"\/","logo":{"@type":"ImageObject","inLanguage":"lv","@id":"\/#\/schema\/logo\/image\/","url":"https:\/\/dehaus.lv\/wp-content\/uploads\/2023\/02\/ac49161606f5b37f967a94db7303fd4e_dehauslogo.png","contentUrl":"https:\/\/dehaus.lv\/wp-content\/uploads\/2023\/02\/ac49161606f5b37f967a94db7303fd4e_dehauslogo.png","width":270,"height":108,"caption":"S\u0101kums - Salons De Haus - m\u0113beles no V\u0101cijas"},"image":{"@id":"\/#\/schema\/logo\/image\/"}}]}},"_links":{"self":[{"href":"https:\/\/dehaus.lv\/lv\/wp-json\/wp\/v2\/pages\/390","targetHints":{"allow":["GET"]}}],"collection":[{"href":"https:\/\/dehaus.lv\/lv\/wp-json\/wp\/v2\/pages"}],"about":[{"href":"https:\/\/dehaus.lv\/lv\/wp-json\/wp\/v2\/types\/page"}],"author":[{"embeddable":true,"href":"https:\/\/dehaus.lv\/lv\/wp-json\/wp\/v2\/users\/1"}],"replies":[{"embeddable":true,"href":"https:\/\/dehaus.lv\/lv\/wp-json\/wp\/v2\/comments?post=390"}],"version-history":[{"count":5,"href":"https:\/\/dehaus.lv\/lv\/wp-json\/wp\/v2\/pages\/390\/revisions"}],"predecessor-version":[{"id":557,"href":"https:\/\/dehaus.lv\/lv\/wp-json\/wp\/v2\/pages\/390\/revisions\/557"}],"up":[{"embeddable":true,"href":"https:\/\/dehaus.lv\/lv\/wp-json\/wp\/v2\/pages\/350"}],"wp:featuredmedia":[{"embeddable":true,"href":"https:\/\/dehaus.lv\/lv\/wp-json\/wp\/v2\/media\/1363"}],"wp:attachment":[{"href":"https:\/\/dehaus.lv\/lv\/wp-json\/wp\/v2\/media?parent=390"}],"curies":[{"name":"wp","href":"https:\/\/api.w.org\/{rel}","templated":true}]}}